{"id":25944,"date":"2023-03-22T08:35:47","date_gmt":"2023-03-22T08:35:47","guid":{"rendered":"https:\/\/fssj.es\/politica-de-privacidad\/"},"modified":"2023-05-22T12:25:32","modified_gmt":"2023-05-22T12:25:32","slug":"politica-de-privacidad","status":"publish","type":"page","link":"https:\/\/fssj.es\/es\/politica-de-privacidad\/","title":{"rendered":"Pol\u00edtica de Privacidad"},"content":{"rendered":"\t\t<div data-elementor-type=\"wp-page\" data-elementor-id=\"25944\" class=\"elementor elementor-25944 elementor-24977\" data-elementor-post-type=\"page\">\n\t\t\t\t\t\t<section class=\"elementor-section elementor-top-section elementor-element elementor-element-a2ec18c elementor-section-boxed elementor-section-height-default elementor-section-height-default sc_fly_static\" data-id=\"a2ec18c\" data-element_type=\"section\" data-e-type=\"section\" data-settings=\"{&quot;background_background&quot;:&quot;classic&quot;}\">\n\t\t\t\t\t\t<div class=\"elementor-container elementor-column-gap-extended\">\n\t\t\t\t\t<div class=\"elementor-column elementor-col-100 elementor-top-column elementor-element elementor-element-e4f67bc sc_inner_width_none sc_content_align_inherit sc_layouts_column_icons_position_left sc_fly_static\" data-id=\"e4f67bc\" data-element_type=\"column\" data-e-type=\"column\">\n\t\t\t<div class=\"elementor-widget-wrap elementor-element-populated\">\n\t\t\t\t\t\t<div class=\"elementor-element elementor-element-fc87c00 sc_fly_static elementor-widget elementor-widget-text-editor\" data-id=\"fc87c00\" data-element_type=\"widget\" data-e-type=\"widget\" data-widget_type=\"text-editor.default\">\n\t\t\t\t<div class=\"elementor-widget-container\">\n\t\t\t\t\t\t\t\t\t<h5>Responsable del Tratamiento<\/h5>\n<p>La empresa responsable del tratamiento de sus datos en virtud de esta Pol\u00edtica de privacidad es:<\/p>\n<p>FUNDACI\u00d3 SANIT\u00c0RIA SANT JOSEP<\/p>\n<p>NIF: G61783106<\/p>\n<p>Domicilio: C\/ Carme Verdaguer, 54<\/p>\n<p>Direcci\u00f3n de correo electr\u00f3nico: info@fssj.es<\/p>\n<p>Web: fssj.es<\/p>\n<p>Tel\u00e9fono: 938032650<\/p>\n<p>Registro de Fundaciones 1161 de la Generalitat de Catalunya<\/p>\n<p>En FUNDACI\u00d3 SANIT\u00c0RIA SANT JOSEP, reconocemos la importancia de proteger su informaci\u00f3n personal y estamos comprometidos a tratarla con responsabilidad y en conformidad con las leyes de protecci\u00f3n de datos.<\/p>\n<p>La presente pol\u00edtica de privacidad pretende regular todos los aspectos relativos al tratamiento de datos de los diferentes usuarios que navegan o facilitan sus datos a trav\u00e9s de los diferentes formularios situados en la web.<\/p>\n<p><strong>Datos Personales<br \/><\/strong>Un dato personal es la informaci\u00f3n que lo identifica o lo hace identificable. A trav\u00e9s de la web, en las casillas establecidas a tal efecto recogemos los datos personales que el usuario nos comunica: nombre, apellidos, correo electr\u00f3nico, tel\u00e9fono, direcci\u00f3n postal, poblaci\u00f3n, etc., as\u00ed como todos aquellos datos que voluntariamente nos proporcione a trav\u00e9s de cualquier de las redes sociales de las cuales el usuario est\u00e1 registrado. En este caso, la privacidad depender\u00e1 de la configuraci\u00f3n establecida por el mismo usuario as\u00ed como de los t\u00e9rminos y condiciones de la propia red social.<\/p>\n<p>La visita del usuario a la web no implica que tenga que facilitar ninguna informaci\u00f3n sobre sus datos personales. Sin embargo, en caso de facilitarlos, los datos ser\u00e1n tratados de forma l\u00edcita de conformidad en todo momento a los principios y derechos recogidos en el RGPD 2016\/679 de 26 de abril y la LOPDGDD 3\/2018 del 5 de diciembre.<\/p>\n<h5>Finalidad, duraci\u00f3n y legitimaci\u00f3n del tratamiento<\/h5>\n<p>Los datos que el usuario nos proporcione los trataremos con las siguientes finalidades:<br \/>Atender la solicitud o petici\u00f3n realizada por el usuario a trav\u00e9s del <strong>formulario de contacto<\/strong> situado en la web. Recogemos y tratamos los datos personales del usuario para poder tramitar y gestionar su solicitud, una consulta o cualquier petici\u00f3n que realiza a trav\u00e9s del formulario. Estos datos los conservamos durante el tiempo necesario para cumplir su petici\u00f3n y durante el tiempo establecido por la ley con una duraci\u00f3n m\u00ednima de 3 a\u00f1os.<\/p>\n<p>La base de legitimaci\u00f3n del tratamiento de los datos ser\u00e1 el consentimiento que otorga el usuario al seleccionar la casilla de aceptaci\u00f3n de nuestra pol\u00edtica de privacidad antes de enviar la petici\u00f3n. El usuario tiene derecho a revocar su consentimiento en cualquier momento sin que esto afecte la licitud del tratamiento basado en el consentimiento previo a su retirada.<\/p>\n<p>Gestionar el alta y participaci\u00f3n del usuario en el <strong>formulario de comentarios del blog<\/strong> situado en la web. Estos comentarios ser\u00e1n gestionados por la plataforma WordPress. Los datos facilitados los conservaremos mientras el usuario no solicite la baja de la suscripci\u00f3n al contenido del blog y durante el tiempo establecido por la ley con una duraci\u00f3n m\u00ednima de 3 a\u00f1os.<\/p>\n<p>La base de legitimaci\u00f3n del tratamiento de los datos ser\u00e1 el consentimiento que otorga el usuario al registrarse a trav\u00e9s del formulario de suscripci\u00f3n al blog y al seleccionar la casilla de aceptaci\u00f3n de nuestra pol\u00edtica de privacidad antes de enviar su solicitud. El usuario tiene derecho a revocar su consentimiento en cualquier momento sin que esto afecte la licitud del tratamiento basado en su consentimiento previo a su retirada.<\/p>\n<p>Gestionar las experiencias u opiniones respecto de los productos y\/o servicios mediante los testigos de los usuarios que ser\u00e1n publicados en la p\u00e1gina web y poder ayudar otros usuarios. Los \u00fanicos datos personales que se publicar\u00e1n del testigo ser\u00e1n el nombre y la ciudad del usuario. Los datos facilitados los conservaremos mientras el usuario no solicite su revocaci\u00f3n y durante el tiempo establecido por la ley con una duraci\u00f3n m\u00ednima de 3 a\u00f1os.<\/p>\n<p>La base de legitimaci\u00f3n del tratamiento de los datos ser\u00e1 el consentimiento que otorga el usuario al registrarse a trav\u00e9s del formulario habilitado por este efecto en la web y al seleccionar la casilla de aceptaci\u00f3n de nuestra pol\u00edtica de privacidad antes de enviar su solicitud.<br \/>Mejorar su experiencia al navegar por la web. Estos datos los conservaremos mientras el usuario no revoque su consentimiento al tratamiento de estas eliminando las cookies y durante el tiempo establecido por la ley con una duraci\u00f3n m\u00ednima de 3 a\u00f1os.<\/p>\n<p>La base de legitimaci\u00f3n para mejorar su experiencia al navegar por la web es el consentimiento que otorga el usuario al aceptar las cookies. El usuario tiene derecho a revocar su consentimiento en cualquier momento sin que esto afecte la licitud del tratamiento basado en el consentimiento previo a su retirada.<\/p>\n<p>Gestionar nuestras <strong>redes sociales<\/strong> y enviarle informaci\u00f3n sobre nuestras actividades y productos. Estos datos los conservaremos mientras el usuario no revoque su consentimiento al tratamiento de estos y durante el tiempo establecido por la ley con una duraci\u00f3n m\u00ednima de 3 a\u00f1os.<\/p>\n<p>La base de legitimaci\u00f3n para gestionar nuestras redes sociales y enviarle nuestras actividades y novedades es el consentimiento que nos otorga para esto. El usuario tiene derecho a revocar su consentimiento en cualquier momento sin que esto afecte la licitud del tratamiento basado en el consentimiento previo a su retirada.<\/p>\n<h6>Cesi\u00f3n o comunicaci\u00f3n de datos personales y transferencias internacionales<\/h6>\n<p>Sus datos no se comunicar\u00e1n ni ser\u00e1n cedidas a terceros, salvo que exista alguna obligaci\u00f3n legal o en aquellos prestamistas vinculados al Responsable que act\u00faan como encargados del tratamiento.<\/p>\n<p>Nuestros servidores est\u00e1n situados en la Uni\u00f3n Europea, y a todos los efectos, contratamos prestamistas de servicios situados tambi\u00e9n dentro del Espacio Econ\u00f3mico Europeo o en pa\u00edses que han sido declarados con un nivel adecuado de protecci\u00f3n.<\/p>\n<p>Si necesitamos utilizar proveedores de servicios externos que requieran la transmisi\u00f3n de datos personales fuera de la Uni\u00f3n Europea o en pa\u00edses que no han sido declarados con un nivel adecuado de protecci\u00f3n, nos aseguraremos de garantizar la seguridad y legitimidad del tratamiento de sus datos mediante decisiones de adecuaci\u00f3n, cl\u00e1usulas tipos, normas corporativas vinculantes, excepciones o cualquier otro instrumento aprobado por la autoridad de control que ofrezca las garant\u00edas adecuadas para la realizaci\u00f3n de la transferencia internacional de datos.<\/p>\n<h6>Actualizaci\u00f3n de datos<\/h6>\n<p>Es importante que para que podamos mantener los datos personales actualizados, el usuario nos informe siempre que haya habido alguna modificaci\u00f3n en estas, en caso contrario, no respondemos de la veracidad de estas.<\/p>\n<p>El usuario garantiza que los datos personales facilitados son veraces garantizando que toda la informaci\u00f3n facilitada corresponde con la situaci\u00f3n real, que est\u00e1 puesta al d\u00eda y es exacta, quedando obligado a comunicar cualquier modificaci\u00f3n.<\/p>\n<h6>Datos de Terceros<\/h6>\n<p>Si el usuario facilita datos de terceras personas para cualquier finalidad en FUNDACI\u00d3N SANITARIA SANT JOSEP, garantiza que ha obtenido estos datos de forma l\u00edcita, que ha informado previamente los afectados, obteniendo su consentimiento para comunicarlas y que la informaci\u00f3n facilitada es exacta y veraz.<\/p>\n<h6>Car\u00e1cter obligatorio de la informaci\u00f3n solicitada<\/h6>\n<p>Todos nuestros formularios cuentan con un asterisco (*) en los datos obligatorios. Si el usuario no llena estos campos, o no marca la casilla de aceptaci\u00f3n de la pol\u00edtica de privacidad, no se permitir\u00e1 el env\u00edo de la informaci\u00f3n.<\/p>\n<h6>Derechos de los interesados<\/h6>\n<p>Tiene derecho a acceder a sus datos y a obtener confirmaci\u00f3n sobre su tratamiento, as\u00ed como una copia de los datos personales objeto de tratamiento. Tiene derecho a actualizarlos y a solicitar la rectificaci\u00f3n de los datos que sean inexactos o solicitar la supresi\u00f3n cuando los datos no sean necesarias para las finalidades por las cuales fueron recaudados. Puede solicitar la limitaci\u00f3n en el tratamiento de sus datos y oponerse al tratamiento de estos revocando su consentimiento, as\u00ed como ejercer el derecho en la portabilidad de los datos. Del mismo modo, tiene derecho a no ser objeto de decisiones basadas \u00fanicamente en el tratamiento automatizado de sus datos personales. Puede ejercer sus derechos contactando con nosotros C\/ Carme Verdaguer, 54 &#8211; 08700 Igualada (Barcelona). E-mail: lopd@fssj.es.<\/p>\n<p>Datos de contacto del delegado de protecci\u00f3n de datos: dpo@fssj.es<\/p>\n<p>Si considera que sus derechos no se han atendido debidamente, tiene derecho a presentar una reclamaci\u00f3n ante la autoridad de control a www.aepd.es.<\/p>\n<h6>Tratamiento de datos de Menores de edad<\/h6>\n<p>Qui\u00e9n facilita los datos a trav\u00e9s de los formularios de esta web y acepta su tratamiento declara ser mayor de 14 a\u00f1os, quedando prohibido el acceso y uso del portal a menores de esta edad. Si en alg\u00fan momento, el Responsable detecta que un menor de 14 a\u00f1os ha proporcionado datos de car\u00e1cter personal, procederemos a la cancelaci\u00f3n de estos. As\u00ed mismo, los padres o tutores podr\u00e1n en cualquier caso dirigirse a FUNDACI\u00d3 SANITARIA SANT JOSEP para bloquear la cuenta de acceso de los menores a su cargo que se hubieran registrado falseando su identidad.<\/p>\n<h6>Redes Sociales<\/h6>\n<p>El objeto de las herramientas como Facebook, Twitter, Instagram, etc. u otras redes sociales es dar visibilidad y difusi\u00f3n a las actividades que desarrolla nuestra organizaci\u00f3n. Estas herramientas almacenan datos personales en los servidores de los servicios respectivos y se rigen por su propia pol\u00edtica de privacidad. Se recomienda la revisi\u00f3n y la lectura de las condiciones de uso y pol\u00edtica de privacidad de la red social en el momento de registrarse, teniendo en cuenta las diferentes posibilidades de configuraci\u00f3n en relaci\u00f3n al grado de privacidad del perfil de usuario en la red social.<\/p>\n<p>As\u00ed mismo, el Responsable se reserva el derecho de eliminar de sus redes sociales cualquier informaci\u00f3n publicada por terceros que vulnere la legalidad, incite a hacerlo o contenga mensajes que atenten contra la dignidad de personas o instituciones. Como tambi\u00e9n el derecho a bloquear o denunciar el perfil autor de estos mensajes.<\/p>\n<h6>Tratamiento de Cookies<\/h6>\n<p>Una cookie es un peque\u00f1o archivo que se descarga y almacena en el ordenador del usuario cuando este accede en una p\u00e1gina web. Las cookies permiten en la web, entre otras cosas, almacenar y recuperar informaci\u00f3n sobre los h\u00e1bitos de navegaci\u00f3n del usuario o de su equipo y, dependiendo de la informaci\u00f3n que contengan y de la forma en que utilice su equipo, pueden utilizarse para reconocer al usuario.<\/p>\n<p>El usuario tiene la opci\u00f3n de impedir la generaci\u00f3n de cookies, mediante la selecci\u00f3n de la correspondiente opci\u00f3n en su programa de navegador. Puede obtener m\u00e1s informaci\u00f3n leyendo nuestra <strong>Pol\u00edtica de Cookies.<\/strong><\/p>\n\t\t\t\t\t\t\t\t<\/div>\n\t\t\t\t<\/div>\n\t\t\t\t\t<\/div>\n\t\t<\/div>\n\t\t\t\t\t<\/div>\n\t\t<\/section>\n\t\t\t\t<section class=\"elementor-section elementor-top-section elementor-element elementor-element-1ce0fbce elementor-section-boxed elementor-section-height-default elementor-section-height-default sc_fly_static\" data-id=\"1ce0fbce\" data-element_type=\"section\" data-e-type=\"section\">\n\t\t\t\t\t\t<div class=\"elementor-container elementor-column-gap-extended\">\n\t\t\t\t\t<div class=\"elementor-column elementor-col-100 elementor-top-column elementor-element elementor-element-71737124 sc_inner_width_none sc_content_align_inherit sc_layouts_column_icons_position_left sc_fly_static\" data-id=\"71737124\" data-element_type=\"column\" data-e-type=\"column\">\n\t\t\t<div class=\"elementor-widget-wrap elementor-element-populated\">\n\t\t\t\t\t\t<div class=\"elementor-element elementor-element-653057c1 sc_fly_static elementor-widget elementor-widget-spacer\" data-id=\"653057c1\" data-element_type=\"widget\" data-e-type=\"widget\" data-widget_type=\"spacer.default\">\n\t\t\t\t<div class=\"elementor-widget-container\">\n\t\t\t\t\t\t\t<div class=\"elementor-spacer\">\n\t\t\t<div class=\"elementor-spacer-inner\"><\/div>\n\t\t<\/div>\n\t\t\t\t\t\t<\/div>\n\t\t\t\t<\/div>\n\t\t\t\t\t<\/div>\n\t\t<\/div>\n\t\t\t\t\t<\/div>\n\t\t<\/section>\n\t\t\t\t<\/div>\n\t\t","protected":false},"excerpt":{"rendered":"<p>Responsable del Tratamiento La empresa responsable del tratamiento de sus datos en virtud de esta Pol\u00edtica de privacidad es: FUNDACI\u00d3 SANIT\u00c0RIA SANT JOSEP NIF: G61783106 Domicilio: C\/ Carme Verdaguer, 54&hellip;<\/p>\n","protected":false},"author":1,"featured_media":0,"parent":0,"menu_order":0,"comment_status":"closed","ping_status":"closed","template":"","meta":{"footnotes":""},"class_list":["post-25944","page","type-page","status-publish","hentry"],"_links":{"self":[{"href":"https:\/\/fssj.es\/es\/wp-json\/wp\/v2\/pages\/25944","targetHints":{"allow":["GET"]}}],"collection":[{"href":"https:\/\/fssj.es\/es\/wp-json\/wp\/v2\/pages"}],"about":[{"href":"https:\/\/fssj.es\/es\/wp-json\/wp\/v2\/types\/page"}],"author":[{"embeddable":true,"href":"https:\/\/fssj.es\/es\/wp-json\/wp\/v2\/users\/1"}],"replies":[{"embeddable":true,"href":"https:\/\/fssj.es\/es\/wp-json\/wp\/v2\/comments?post=25944"}],"version-history":[{"count":0,"href":"https:\/\/fssj.es\/es\/wp-json\/wp\/v2\/pages\/25944\/revisions"}],"wp:attachment":[{"href":"https:\/\/fssj.es\/es\/wp-json\/wp\/v2\/media?parent=25944"}],"curies":[{"name":"wp","href":"https:\/\/api.w.org\/{rel}","templated":true}]}}