{"id":26034,"date":"2023-02-10T11:22:44","date_gmt":"2023-02-10T11:22:44","guid":{"rendered":"https:\/\/fssj.es\/consells-de-salut\/"},"modified":"2023-05-23T09:26:26","modified_gmt":"2023-05-23T09:26:26","slug":"consells-de-salut","status":"publish","type":"page","link":"https:\/\/fssj.es\/es\/consells-de-salut\/","title":{"rendered":"Consejos de salud"},"content":{"rendered":"\t\t<div data-elementor-type=\"wp-page\" data-elementor-id=\"26034\" class=\"elementor elementor-26034 elementor-23843\" data-elementor-post-type=\"page\">\n\t\t\t\t\t\t<section class=\"elementor-section elementor-top-section elementor-element elementor-element-667ad38 elementor-section-boxed elementor-section-height-default elementor-section-height-default sc_fly_static\" data-id=\"667ad38\" data-element_type=\"section\" data-e-type=\"section\">\n\t\t\t\t\t\t<div class=\"elementor-container elementor-column-gap-extended\">\n\t\t\t\t\t<div class=\"elementor-column elementor-col-100 elementor-top-column elementor-element elementor-element-90226cf sc_inner_width_none sc_content_align_inherit sc_layouts_column_icons_position_left sc_fly_static\" data-id=\"90226cf\" data-element_type=\"column\" data-e-type=\"column\">\n\t\t\t<div class=\"elementor-widget-wrap elementor-element-populated\">\n\t\t\t\t\t\t<div class=\"elementor-element elementor-element-66574c3 sc_style_default sc_fly_static elementor-widget elementor-widget-trx_sc_blogger\" data-id=\"66574c3\" data-element_type=\"widget\" data-e-type=\"widget\" data-widget_type=\"trx_sc_blogger.default\">\n\t\t\t\t<div class=\"elementor-widget-container\">\n\t\t\t\t\t<div \t\tclass=\"sc_blogger sc_blogger_default sc_blogger_default_classic sc_item_filters_tabs_none alignnone\" ><div class=\"sc_blogger_content sc_item_content sc_item_posts_container\" ><div data-post-id=\"26049\" data-item-number=\"1\" class=\"sc_blogger_item sc_item_container post_container sc_blogger_item_default sc_blogger_item_default_classic sc_blogger_item_odd sc_blogger_item_align_none post_format_standard sc_blogger_item_with_image sc_blogger_item_with_excerpt sc_blogger_item_image_position_top post-26049 post type-post status-publish format-standard has-post-thumbnail hentry category-consejos-de-salud\" ><div class=\"sc_blogger_item_body\"><div class=\"post_featured with_thumb hover_zoom sc_item_featured sc_blogger_item_featured\"><img fetchpriority=\"high\" decoding=\"async\" width=\"1280\" height=\"725\" src=\"https:\/\/fssj.es\/wp-content\/uploads\/2022\/02\/doctor-g7aa584814_1280-1280x725.jpg\" class=\"attachment-medeus-thumb-huge size-medeus-thumb-huge wp-post-image\" alt=\"\" srcset=\"https:\/\/fssj.es\/wp-content\/uploads\/2022\/02\/doctor-g7aa584814_1280-1280x725.jpg 1280w, https:\/\/fssj.es\/wp-content\/uploads\/2022\/02\/doctor-g7aa584814_1280-270x152.jpg 270w\" sizes=\"(max-width: 1280px) 100vw, 1280px\" \/>\t\t\t\t\t\t<div class=\"mask\"><\/div>\n\t\t\t\t\t\t\t\t\t<div class=\"icons\">\n\t\t\t\t<a href=\"https:\/\/fssj.es\/es\/se-incorporan-7-estudiantes-en-practicas-del-grado-de-enfermeria-del-campus-universitario\/\"  aria-hidden=\"true\" class=\"icon-link\n\t\t\t\t\t\t\t\t\t\t\t\t\t\"><\/a>\n\t\t\t\t\t\t\t\t<a href=\"https:\/\/fssj.es\/wp-content\/uploads\/2022\/02\/doctor-g7aa584814_1280.jpg\" aria-hidden=\"true\" class=\"icon-search\" title=\"Se incorporan 7 estudiantes en pr\u00e1cticas del Grado de Enfermer\u00eda del Campus Universitario\"><\/a>\n\t\t\t\t\t\t\t<\/div>\n\t\t\t<\/div><div class=\"sc_blogger_item_content entry-content\"><div class=\"post_meta sc_blogger_item_meta post_meta_categories\"><span class=\"post_meta_item post_categories cat_sep\"><a href=\"https:\/\/fssj.es\/es\/category\/consejos-de-salud\/\" rel=\"category tag\">Consejos de Salud<\/a><\/span><\/div><h5 class=\"sc_blogger_item_title entry-title\" data-item-number=\"1\"><a href=\"https:\/\/fssj.es\/es\/se-incorporan-7-estudiantes-en-practicas-del-grado-de-enfermeria-del-campus-universitario\/\" rel=\"bookmark\">Se incorporan 7 estudiantes en pr\u00e1cticas del Grado de Enfermer\u00eda del Campus Universitario<\/a><\/h5><div class=\"post_meta sc_blogger_item_meta post_meta\"><span class=\"post_meta_item post_date\"><a href=\"https:\/\/fssj.es\/es\/se-incorporan-7-estudiantes-en-practicas-del-grado-de-enfermeria-del-campus-universitario\/\"><span class=\"post_meta_item_label\">Published:<\/span>febrero 4, 2022<\/a><\/span><span class=\"post_meta_item post_date\"><a href=\"https:\/\/fssj.es\/es\/se-incorporan-7-estudiantes-en-practicas-del-grado-de-enfermeria-del-campus-universitario\/\"><span class=\"post_meta_item_label\">Updated:<\/span>mayo 23, 2023<\/a><\/span><a href=\"https:\/\/fssj.es\/es\/se-incorporan-7-estudiantes-en-practicas-del-grado-de-enfermeria-del-campus-universitario\/\" class=\"post_meta_item post_meta_views trx_addons_icon-eye\"><span class=\"post_meta_number\">1K<\/span><span class=\"post_meta_label\">Views<\/span><\/a><a href=\"#\" class=\"post_meta_item post_meta_likes trx_addons_icon-heart-empty enabled\" title=\"Like\" data-postid=\"26049\" data-likes=\"0\" data-title-like=\"Like\" data-title-dislike=\"Dislike\"><span class=\"post_meta_number\">0<\/span><span class=\"post_meta_label\">Likes<\/span><\/a><a href=\"https:\/\/fssj.es\/es\/se-incorporan-7-estudiantes-en-practicas-del-grado-de-enfermeria-del-campus-universitario\/#respond\" class=\"post_meta_item post_meta_comments icon-comment-light\"><span class=\"post_meta_number\">0<\/span><span class=\"post_meta_label\">Comments<\/span><\/a><a class=\"post_meta_item post_author\" rel=\"author\" href=\"https:\/\/fssj.es\/es\/author\/infohipo-tv\/\"><span class=\"post_author_by\">By<\/span><span class=\"post_author_avatar\"><img alt='' src='https:\/\/secure.gravatar.com\/avatar\/bf21c2dcdad6b9565bdce62f5956448785334a1aa4f0a7e65b0f575778a2ce90?s=56&#038;d=mm&#038;r=g' srcset='https:\/\/secure.gravatar.com\/avatar\/bf21c2dcdad6b9565bdce62f5956448785334a1aa4f0a7e65b0f575778a2ce90?s=112&#038;d=mm&#038;r=g 2x' class='avatar avatar-56 photo' height='56' width='56' \/><\/span><span class=\"post_author_name\">admin<\/span><\/a><span class=\"post_meta_item post_share\"><span class=\"socials_share socials_size_tiny socials_type_drop socials_dir_horizontal\"><a href=\"#\" class=\"socials_caption\"><span class=\"socials_caption_label\">Share<\/span><\/a><span class=\"social_items\"><a class=\"social_item social_item_popup\" href=\"\/\/twitter.com\/intent\/tweet?text=Se+incorporan+7+estudiantes+en+pr%C3%A1cticas+del+Grado+de+Enfermer%C3%ADa+del+Campus+Universitario&#038;url=https%3A%2F%2Ffssj.es%2Fes%2Fse-incorporan-7-estudiantes-en-practicas-del-grado-de-enfermeria-del-campus-universitario%2F\" data-link=\"\/\/twitter.com\/intent\/tweet?text=Se incorporan 7 estudiantes en pr\u00e1cticas del Grado de Enfermer\u00eda del Campus Universitario&amp;url=https%3A%2F%2Ffssj.es%2Fes%2Fse-incorporan-7-estudiantes-en-practicas-del-grado-de-enfermeria-del-campus-universitario%2F\" data-count=\"twitter-new\"><span class=\"social_icon social_icon_twitter-new sc_icon_type_icons\" style=\"\"><span class=\"icon-twitter-new\"><\/span><i>Twitter-new<\/i><\/span><\/a><a class=\"social_item social_item_popup\" href=\"\/\/www.facebook.com\/sharer\/sharer.php?u=https%3A%2F%2Ffssj.es%2Fes%2Fse-incorporan-7-estudiantes-en-practicas-del-grado-de-enfermeria-del-campus-universitario%2F\" data-link=\"\/\/www.facebook.com\/sharer\/sharer.php?u=https%3A%2F%2Ffssj.es%2Fes%2Fse-incorporan-7-estudiantes-en-practicas-del-grado-de-enfermeria-del-campus-universitario%2F\" data-count=\"facebook-1\"><span class=\"social_icon social_icon_facebook-1 sc_icon_type_icons\" style=\"\"><span class=\"icon-facebook-1\"><\/span><i>Facebook<\/i><\/span><\/a><a class=\"social_item\" href=\"mailto:test@fwe.com?subject=Se%20incorporan%207%20estudiantes%20en%20pr\u00e1cticas%20del%20Grado%20de%20Enfermer\u00eda%20del%20Campus%20Universitario&#038;body=https%3A%2F%2Ffssj.es%2Fes%2Fse-incorporan-7-estudiantes-en-practicas-del-grado-de-enfermeria-del-campus-universitario%2F\" target=\"_blank\" data-count=\"share-email\"><span class=\"social_icon social_icon_share-email sc_icon_type_icons\" style=\"\"><span class=\"icon-share-email\"><\/span><i>Share-email<\/i><\/span><\/a><a class=\"social_item\" title=\"Copy URL to clipboard\" data-message=\"Copied!\" data-copy-link-url=\"https:\/\/fssj.es\/es\/se-incorporan-7-estudiantes-en-practicas-del-grado-de-enfermeria-del-campus-universitario\/\" nopopup=\"true\" href=\"#\" target=\"_blank\" data-count=\"link\"><span class=\"social_icon social_icon_link sc_icon_type_icons\" style=\"\"><span class=\"icon-link\"><\/span><i>Link<\/i><\/span><\/a><\/span><\/span><\/span><\/div><div class=\"sc_blogger_item_excerpt\">E \nl pasado viernes 4 de marzo, 7 alumnos de la primera promoci\u00f3n del Grado de Enfermer\u00eda del Campus Universitario de Igualada se incorporaron a la Fundaci\u00f3 Sociosanit\u0430ria Sant Josep&hellip;<\/div><div class=\"sc_blogger_item_button sc_item_button\"><a href=\"https:\/\/fssj.es\/es\/se-incorporan-7-estudiantes-en-practicas-del-grado-de-enfermeria-del-campus-universitario\/\" class=\"item_more_link\"><span class=\"link_text\">Seguir leyendo<\/span><span class=\"link_icon\"><\/span><\/a><\/div><\/div><!-- .entry-content --><\/div><!-- .sc_blogger_item_body --><\/div><!-- .sc_blogger_item --><div data-post-id=\"26053\" data-item-number=\"2\" class=\"sc_blogger_item sc_item_container post_container sc_blogger_item_default sc_blogger_item_default_classic sc_blogger_item_even sc_blogger_item_align_none post_format_standard sc_blogger_item_with_image sc_blogger_item_with_excerpt sc_blogger_item_image_position_top post-26053 post type-post status-publish format-standard has-post-thumbnail hentry category-consejos-de-salud\" ><div class=\"sc_blogger_item_body\"><div class=\"post_featured with_thumb hover_zoom sc_item_featured sc_blogger_item_featured\"><img decoding=\"async\" width=\"1280\" height=\"725\" src=\"https:\/\/fssj.es\/wp-content\/uploads\/2022\/02\/doctor-gbb6cc966c_1280-1280x725.jpg\" class=\"attachment-medeus-thumb-huge size-medeus-thumb-huge wp-post-image\" alt=\"\" srcset=\"https:\/\/fssj.es\/wp-content\/uploads\/2022\/02\/doctor-gbb6cc966c_1280-1280x725.jpg 1280w, https:\/\/fssj.es\/wp-content\/uploads\/2022\/02\/doctor-gbb6cc966c_1280-270x152.jpg 270w\" sizes=\"(max-width: 1280px) 100vw, 1280px\" \/>\t\t\t\t\t\t<div class=\"mask\"><\/div>\n\t\t\t\t\t\t\t\t\t<div class=\"icons\">\n\t\t\t\t<a href=\"https:\/\/fssj.es\/es\/nutricion-y-osteoporosi\/\"  aria-hidden=\"true\" class=\"icon-link\n\t\t\t\t\t\t\t\t\t\t\t\t\t\"><\/a>\n\t\t\t\t\t\t\t\t<a href=\"https:\/\/fssj.es\/wp-content\/uploads\/2022\/02\/doctor-gbb6cc966c_1280.jpg\" aria-hidden=\"true\" class=\"icon-search\" title=\"Nutrici\u00f3n y osteoporosi\"><\/a>\n\t\t\t\t\t\t\t<\/div>\n\t\t\t<\/div><div class=\"sc_blogger_item_content entry-content\"><div class=\"post_meta sc_blogger_item_meta post_meta_categories\"><span class=\"post_meta_item post_categories cat_sep\"><a href=\"https:\/\/fssj.es\/es\/category\/consejos-de-salud\/\" rel=\"category tag\">Consejos de Salud<\/a><\/span><\/div><h5 class=\"sc_blogger_item_title entry-title\" data-item-number=\"2\"><a href=\"https:\/\/fssj.es\/es\/nutricion-y-osteoporosi\/\" rel=\"bookmark\">Nutrici\u00f3n y osteoporosi<\/a><\/h5><div class=\"post_meta sc_blogger_item_meta post_meta\"><span class=\"post_meta_item post_date\"><a href=\"https:\/\/fssj.es\/es\/nutricion-y-osteoporosi\/\"><span class=\"post_meta_item_label\">Published:<\/span>febrero 4, 2022<\/a><\/span><span class=\"post_meta_item post_date\"><a href=\"https:\/\/fssj.es\/es\/nutricion-y-osteoporosi\/\"><span class=\"post_meta_item_label\">Updated:<\/span>mayo 23, 2023<\/a><\/span><a href=\"https:\/\/fssj.es\/es\/nutricion-y-osteoporosi\/\" class=\"post_meta_item post_meta_views trx_addons_icon-eye\"><span class=\"post_meta_number\">1K<\/span><span class=\"post_meta_label\">Views<\/span><\/a><a href=\"#\" class=\"post_meta_item post_meta_likes trx_addons_icon-heart-empty enabled\" title=\"Like\" data-postid=\"26053\" data-likes=\"0\" data-title-like=\"Like\" data-title-dislike=\"Dislike\"><span class=\"post_meta_number\">0<\/span><span class=\"post_meta_label\">Likes<\/span><\/a><a href=\"https:\/\/fssj.es\/es\/nutricion-y-osteoporosi\/#respond\" class=\"post_meta_item post_meta_comments icon-comment-light\"><span class=\"post_meta_number\">0<\/span><span class=\"post_meta_label\">Comments<\/span><\/a><a class=\"post_meta_item post_author\" rel=\"author\" href=\"https:\/\/fssj.es\/es\/author\/infohipo-tv\/\"><span class=\"post_author_by\">By<\/span><span class=\"post_author_avatar\"><img alt='' src='https:\/\/secure.gravatar.com\/avatar\/bf21c2dcdad6b9565bdce62f5956448785334a1aa4f0a7e65b0f575778a2ce90?s=56&#038;d=mm&#038;r=g' srcset='https:\/\/secure.gravatar.com\/avatar\/bf21c2dcdad6b9565bdce62f5956448785334a1aa4f0a7e65b0f575778a2ce90?s=112&#038;d=mm&#038;r=g 2x' class='avatar avatar-56 photo' height='56' width='56' \/><\/span><span class=\"post_author_name\">admin<\/span><\/a><span class=\"post_meta_item post_share\"><span class=\"socials_share socials_size_tiny socials_type_drop socials_dir_horizontal\"><a href=\"#\" class=\"socials_caption\"><span class=\"socials_caption_label\">Share<\/span><\/a><span class=\"social_items\"><a class=\"social_item social_item_popup\" href=\"\/\/twitter.com\/intent\/tweet?text=Nutrici%C3%B3n+y+osteoporosi&#038;url=https%3A%2F%2Ffssj.es%2Fes%2Fnutricion-y-osteoporosi%2F\" data-link=\"\/\/twitter.com\/intent\/tweet?text=Nutrici\u00f3n y osteoporosi&amp;url=https%3A%2F%2Ffssj.es%2Fes%2Fnutricion-y-osteoporosi%2F\" data-count=\"twitter-new\"><span class=\"social_icon social_icon_twitter-new sc_icon_type_icons\" style=\"\"><span class=\"icon-twitter-new\"><\/span><i>Twitter-new<\/i><\/span><\/a><a class=\"social_item social_item_popup\" href=\"\/\/www.facebook.com\/sharer\/sharer.php?u=https%3A%2F%2Ffssj.es%2Fes%2Fnutricion-y-osteoporosi%2F\" data-link=\"\/\/www.facebook.com\/sharer\/sharer.php?u=https%3A%2F%2Ffssj.es%2Fes%2Fnutricion-y-osteoporosi%2F\" data-count=\"facebook-1\"><span class=\"social_icon social_icon_facebook-1 sc_icon_type_icons\" style=\"\"><span class=\"icon-facebook-1\"><\/span><i>Facebook<\/i><\/span><\/a><a class=\"social_item\" href=\"mailto:test@fwe.com?subject=Nutrici\u00f3n%20y%20osteoporosi&#038;body=https%3A%2F%2Ffssj.es%2Fes%2Fnutricion-y-osteoporosi%2F\" target=\"_blank\" data-count=\"share-email\"><span class=\"social_icon social_icon_share-email sc_icon_type_icons\" style=\"\"><span class=\"icon-share-email\"><\/span><i>Share-email<\/i><\/span><\/a><a class=\"social_item\" title=\"Copy URL to clipboard\" data-message=\"Copied!\" data-copy-link-url=\"https:\/\/fssj.es\/es\/nutricion-y-osteoporosi\/\" nopopup=\"true\" href=\"#\" target=\"_blank\" data-count=\"link\"><span class=\"social_icon social_icon_link sc_icon_type_icons\" style=\"\"><span class=\"icon-link\"><\/span><i>Link<\/i><\/span><\/a><\/span><\/span><\/span><\/div><div class=\"sc_blogger_item_excerpt\">L \na nutrici\u00f3n es el factor modificable m\u00e1s importante en el crecimiento y mantenimiento de la masa \u00f3sea, destacando la ingesta de calcio y la actividad f\u00edsica como puntos esenciales.&hellip;<\/div><div class=\"sc_blogger_item_button sc_item_button\"><a href=\"https:\/\/fssj.es\/es\/nutricion-y-osteoporosi\/\" class=\"item_more_link\"><span class=\"link_text\">Seguir leyendo<\/span><span class=\"link_icon\"><\/span><\/a><\/div><\/div><!-- .entry-content --><\/div><!-- .sc_blogger_item_body --><\/div><!-- .sc_blogger_item --><div data-post-id=\"26055\" data-item-number=\"3\" class=\"sc_blogger_item sc_item_container post_container sc_blogger_item_default sc_blogger_item_default_classic sc_blogger_item_odd sc_blogger_item_align_none post_format_standard sc_blogger_item_with_image sc_blogger_item_with_excerpt sc_blogger_item_image_position_top post-26055 post type-post status-publish format-standard has-post-thumbnail hentry category-consejos-de-salud\" ><div class=\"sc_blogger_item_body\"><div class=\"post_featured with_thumb hover_zoom sc_item_featured sc_blogger_item_featured\"><img decoding=\"async\" width=\"1200\" height=\"628\" src=\"https:\/\/fssj.es\/wp-content\/uploads\/2022\/02\/urgencies-hospital.jpg\" class=\"attachment-medeus-thumb-huge size-medeus-thumb-huge wp-post-image\" alt=\"\" srcset=\"https:\/\/fssj.es\/wp-content\/uploads\/2022\/02\/urgencies-hospital.jpg 1200w, https:\/\/fssj.es\/wp-content\/uploads\/2022\/02\/urgencies-hospital-300x157.jpg 300w, https:\/\/fssj.es\/wp-content\/uploads\/2022\/02\/urgencies-hospital-1024x536.jpg 1024w, https:\/\/fssj.es\/wp-content\/uploads\/2022\/02\/urgencies-hospital-768x402.jpg 768w, https:\/\/fssj.es\/wp-content\/uploads\/2022\/02\/urgencies-hospital-370x194.jpg 370w, https:\/\/fssj.es\/wp-content\/uploads\/2022\/02\/urgencies-hospital-840x440.jpg 840w, https:\/\/fssj.es\/wp-content\/uploads\/2022\/02\/urgencies-hospital-410x215.jpg 410w\" sizes=\"(max-width: 1200px) 100vw, 1200px\" \/>\t\t\t\t\t\t<div class=\"mask\"><\/div>\n\t\t\t\t\t\t\t\t\t<div class=\"icons\">\n\t\t\t\t<a href=\"https:\/\/fssj.es\/es\/atencion-sanitaria-en-las-urgencias\/\"  aria-hidden=\"true\" class=\"icon-link\n\t\t\t\t\t\t\t\t\t\t\t\t\t\"><\/a>\n\t\t\t\t\t\t\t\t<a href=\"https:\/\/fssj.es\/wp-content\/uploads\/2022\/02\/urgencies-hospital.jpg\" aria-hidden=\"true\" class=\"icon-search\" title=\"Atenci\u00f3n sanitaria en las urgencias\"><\/a>\n\t\t\t\t\t\t\t<\/div>\n\t\t\t<\/div><div class=\"sc_blogger_item_content entry-content\"><div class=\"post_meta sc_blogger_item_meta post_meta_categories\"><span class=\"post_meta_item post_categories cat_sep\"><a href=\"https:\/\/fssj.es\/es\/category\/consejos-de-salud\/\" rel=\"category tag\">Consejos de Salud<\/a><\/span><\/div><h5 class=\"sc_blogger_item_title entry-title\" data-item-number=\"3\"><a href=\"https:\/\/fssj.es\/es\/atencion-sanitaria-en-las-urgencias\/\" rel=\"bookmark\">Atenci\u00f3n sanitaria en las urgencias<\/a><\/h5><div class=\"post_meta sc_blogger_item_meta post_meta\"><span class=\"post_meta_item post_date\"><a href=\"https:\/\/fssj.es\/es\/atencion-sanitaria-en-las-urgencias\/\"><span class=\"post_meta_item_label\">Published:<\/span>febrero 4, 2022<\/a><\/span><span class=\"post_meta_item post_date\"><a href=\"https:\/\/fssj.es\/es\/atencion-sanitaria-en-las-urgencias\/\"><span class=\"post_meta_item_label\">Updated:<\/span>mayo 23, 2023<\/a><\/span><a href=\"https:\/\/fssj.es\/es\/atencion-sanitaria-en-las-urgencias\/\" class=\"post_meta_item post_meta_views trx_addons_icon-eye\"><span class=\"post_meta_number\">2K<\/span><span class=\"post_meta_label\">Views<\/span><\/a><a href=\"#\" class=\"post_meta_item post_meta_likes trx_addons_icon-heart-empty enabled\" title=\"Like\" data-postid=\"26055\" data-likes=\"0\" data-title-like=\"Like\" data-title-dislike=\"Dislike\"><span class=\"post_meta_number\">0<\/span><span class=\"post_meta_label\">Likes<\/span><\/a><a href=\"https:\/\/fssj.es\/es\/atencion-sanitaria-en-las-urgencias\/#respond\" class=\"post_meta_item post_meta_comments icon-comment-light\"><span class=\"post_meta_number\">0<\/span><span class=\"post_meta_label\">Comments<\/span><\/a><a class=\"post_meta_item post_author\" rel=\"author\" href=\"https:\/\/fssj.es\/es\/author\/infohipo-tv\/\"><span class=\"post_author_by\">By<\/span><span class=\"post_author_avatar\"><img alt='' src='https:\/\/secure.gravatar.com\/avatar\/bf21c2dcdad6b9565bdce62f5956448785334a1aa4f0a7e65b0f575778a2ce90?s=56&#038;d=mm&#038;r=g' srcset='https:\/\/secure.gravatar.com\/avatar\/bf21c2dcdad6b9565bdce62f5956448785334a1aa4f0a7e65b0f575778a2ce90?s=112&#038;d=mm&#038;r=g 2x' class='avatar avatar-56 photo' height='56' width='56' \/><\/span><span class=\"post_author_name\">admin<\/span><\/a><span class=\"post_meta_item post_share\"><span class=\"socials_share socials_size_tiny socials_type_drop socials_dir_horizontal\"><a href=\"#\" class=\"socials_caption\"><span class=\"socials_caption_label\">Share<\/span><\/a><span class=\"social_items\"><a class=\"social_item social_item_popup\" href=\"\/\/twitter.com\/intent\/tweet?text=Atenci%C3%B3n+sanitaria+en+las+urgencias&#038;url=https%3A%2F%2Ffssj.es%2Fes%2Fatencion-sanitaria-en-las-urgencias%2F\" data-link=\"\/\/twitter.com\/intent\/tweet?text=Atenci\u00f3n sanitaria en las urgencias&amp;url=https%3A%2F%2Ffssj.es%2Fes%2Fatencion-sanitaria-en-las-urgencias%2F\" data-count=\"twitter-new\"><span class=\"social_icon social_icon_twitter-new sc_icon_type_icons\" style=\"\"><span class=\"icon-twitter-new\"><\/span><i>Twitter-new<\/i><\/span><\/a><a class=\"social_item social_item_popup\" href=\"\/\/www.facebook.com\/sharer\/sharer.php?u=https%3A%2F%2Ffssj.es%2Fes%2Fatencion-sanitaria-en-las-urgencias%2F\" data-link=\"\/\/www.facebook.com\/sharer\/sharer.php?u=https%3A%2F%2Ffssj.es%2Fes%2Fatencion-sanitaria-en-las-urgencias%2F\" data-count=\"facebook-1\"><span class=\"social_icon social_icon_facebook-1 sc_icon_type_icons\" style=\"\"><span class=\"icon-facebook-1\"><\/span><i>Facebook<\/i><\/span><\/a><a class=\"social_item\" href=\"mailto:test@fwe.com?subject=Atenci\u00f3n%20sanitaria%20en%20las%20urgencias&#038;body=https%3A%2F%2Ffssj.es%2Fes%2Fatencion-sanitaria-en-las-urgencias%2F\" target=\"_blank\" data-count=\"share-email\"><span class=\"social_icon social_icon_share-email sc_icon_type_icons\" style=\"\"><span class=\"icon-share-email\"><\/span><i>Share-email<\/i><\/span><\/a><a class=\"social_item\" title=\"Copy URL to clipboard\" data-message=\"Copied!\" data-copy-link-url=\"https:\/\/fssj.es\/es\/atencion-sanitaria-en-las-urgencias\/\" nopopup=\"true\" href=\"#\" target=\"_blank\" data-count=\"link\"><span class=\"social_icon social_icon_link sc_icon_type_icons\" style=\"\"><span class=\"icon-link\"><\/span><i>Link<\/i><\/span><\/a><\/span><\/span><\/span><\/div><div class=\"sc_blogger_item_excerpt\">Q \nEl sistema sanitario p\u00fablico pose a vuestra disposici\u00f3n varios recursos donde os pod\u00e9is dirigir en caso de que os encontr\u00e1is ante una urgencia m\u00e9dica. Pod\u00e9is ir a vuestro centro&hellip;<\/div><div class=\"sc_blogger_item_button sc_item_button\"><a href=\"https:\/\/fssj.es\/es\/atencion-sanitaria-en-las-urgencias\/\" class=\"item_more_link\"><span class=\"link_text\">Seguir leyendo<\/span><span class=\"link_icon\"><\/span><\/a><\/div><\/div><!-- .entry-content --><\/div><!-- .sc_blogger_item_body --><\/div><!-- .sc_blogger_item --><div data-post-id=\"26059\" data-item-number=\"4\" class=\"sc_blogger_item sc_item_container post_container sc_blogger_item_default sc_blogger_item_default_classic sc_blogger_item_even sc_blogger_item_align_none post_format_standard sc_blogger_item_with_image sc_blogger_item_with_excerpt sc_blogger_item_image_position_top post-26059 post type-post status-publish format-standard has-post-thumbnail hentry category-consejos-de-salud\" ><div class=\"sc_blogger_item_body\"><div class=\"post_featured with_thumb hover_zoom sc_item_featured sc_blogger_item_featured\"><img loading=\"lazy\" decoding=\"async\" width=\"1280\" height=\"725\" src=\"https:\/\/fssj.es\/wp-content\/uploads\/2022\/02\/dna-g0489eb9f0_1280-1280x725.jpg\" class=\"attachment-medeus-thumb-huge size-medeus-thumb-huge wp-post-image\" alt=\"\" srcset=\"https:\/\/fssj.es\/wp-content\/uploads\/2022\/02\/dna-g0489eb9f0_1280-1280x725.jpg 1280w, https:\/\/fssj.es\/wp-content\/uploads\/2022\/02\/dna-g0489eb9f0_1280-270x152.jpg 270w\" sizes=\"(max-width: 1280px) 100vw, 1280px\" \/>\t\t\t\t\t\t<div class=\"mask\"><\/div>\n\t\t\t\t\t\t\t\t\t<div class=\"icons\">\n\t\t\t\t<a href=\"https:\/\/fssj.es\/es\/falsos-mitos-sobre-el-cancer\/\"  aria-hidden=\"true\" class=\"icon-link\n\t\t\t\t\t\t\t\t\t\t\t\t\t\"><\/a>\n\t\t\t\t\t\t\t\t<a href=\"https:\/\/fssj.es\/wp-content\/uploads\/2022\/02\/dna-g0489eb9f0_1280.jpg\" aria-hidden=\"true\" class=\"icon-search\" title=\"Falsos mitos sobre el cancer\"><\/a>\n\t\t\t\t\t\t\t<\/div>\n\t\t\t<\/div><div class=\"sc_blogger_item_content entry-content\"><div class=\"post_meta sc_blogger_item_meta post_meta_categories\"><span class=\"post_meta_item post_categories cat_sep\"><a href=\"https:\/\/fssj.es\/es\/category\/consejos-de-salud\/\" rel=\"category tag\">Consejos de Salud<\/a><\/span><\/div><h5 class=\"sc_blogger_item_title entry-title\" data-item-number=\"4\"><a href=\"https:\/\/fssj.es\/es\/falsos-mitos-sobre-el-cancer\/\" rel=\"bookmark\">Falsos mitos sobre el cancer<\/a><\/h5><div class=\"post_meta sc_blogger_item_meta post_meta\"><span class=\"post_meta_item post_date\"><a href=\"https:\/\/fssj.es\/es\/falsos-mitos-sobre-el-cancer\/\"><span class=\"post_meta_item_label\">Published:<\/span>febrero 4, 2022<\/a><\/span><span class=\"post_meta_item post_date\"><a href=\"https:\/\/fssj.es\/es\/falsos-mitos-sobre-el-cancer\/\"><span class=\"post_meta_item_label\">Updated:<\/span>mayo 23, 2023<\/a><\/span><a href=\"https:\/\/fssj.es\/es\/falsos-mitos-sobre-el-cancer\/\" class=\"post_meta_item post_meta_views trx_addons_icon-eye\"><span class=\"post_meta_number\">1K<\/span><span class=\"post_meta_label\">Views<\/span><\/a><a href=\"#\" class=\"post_meta_item post_meta_likes trx_addons_icon-heart-empty enabled\" title=\"Like\" data-postid=\"26059\" data-likes=\"0\" data-title-like=\"Like\" data-title-dislike=\"Dislike\"><span class=\"post_meta_number\">0<\/span><span class=\"post_meta_label\">Likes<\/span><\/a><a href=\"https:\/\/fssj.es\/es\/falsos-mitos-sobre-el-cancer\/#respond\" class=\"post_meta_item post_meta_comments icon-comment-light\"><span class=\"post_meta_number\">0<\/span><span class=\"post_meta_label\">Comments<\/span><\/a><a class=\"post_meta_item post_author\" rel=\"author\" href=\"https:\/\/fssj.es\/es\/author\/infohipo-tv\/\"><span class=\"post_author_by\">By<\/span><span class=\"post_author_avatar\"><img alt='' src='https:\/\/secure.gravatar.com\/avatar\/bf21c2dcdad6b9565bdce62f5956448785334a1aa4f0a7e65b0f575778a2ce90?s=56&#038;d=mm&#038;r=g' srcset='https:\/\/secure.gravatar.com\/avatar\/bf21c2dcdad6b9565bdce62f5956448785334a1aa4f0a7e65b0f575778a2ce90?s=112&#038;d=mm&#038;r=g 2x' class='avatar avatar-56 photo' height='56' width='56' \/><\/span><span class=\"post_author_name\">admin<\/span><\/a><span class=\"post_meta_item post_share\"><span class=\"socials_share socials_size_tiny socials_type_drop socials_dir_horizontal\"><a href=\"#\" class=\"socials_caption\"><span class=\"socials_caption_label\">Share<\/span><\/a><span class=\"social_items\"><a class=\"social_item social_item_popup\" href=\"\/\/twitter.com\/intent\/tweet?text=Falsos+mitos+sobre+el+cancer&#038;url=https%3A%2F%2Ffssj.es%2Fes%2Ffalsos-mitos-sobre-el-cancer%2F\" data-link=\"\/\/twitter.com\/intent\/tweet?text=Falsos mitos sobre el cancer&amp;url=https%3A%2F%2Ffssj.es%2Fes%2Ffalsos-mitos-sobre-el-cancer%2F\" data-count=\"twitter-new\"><span class=\"social_icon social_icon_twitter-new sc_icon_type_icons\" style=\"\"><span class=\"icon-twitter-new\"><\/span><i>Twitter-new<\/i><\/span><\/a><a class=\"social_item social_item_popup\" href=\"\/\/www.facebook.com\/sharer\/sharer.php?u=https%3A%2F%2Ffssj.es%2Fes%2Ffalsos-mitos-sobre-el-cancer%2F\" data-link=\"\/\/www.facebook.com\/sharer\/sharer.php?u=https%3A%2F%2Ffssj.es%2Fes%2Ffalsos-mitos-sobre-el-cancer%2F\" data-count=\"facebook-1\"><span class=\"social_icon social_icon_facebook-1 sc_icon_type_icons\" style=\"\"><span class=\"icon-facebook-1\"><\/span><i>Facebook<\/i><\/span><\/a><a class=\"social_item\" href=\"mailto:test@fwe.com?subject=Falsos%20mitos%20sobre%20el%20cancer&#038;body=https%3A%2F%2Ffssj.es%2Fes%2Ffalsos-mitos-sobre-el-cancer%2F\" target=\"_blank\" data-count=\"share-email\"><span class=\"social_icon social_icon_share-email sc_icon_type_icons\" style=\"\"><span class=\"icon-share-email\"><\/span><i>Share-email<\/i><\/span><\/a><a class=\"social_item\" title=\"Copy URL to clipboard\" data-message=\"Copied!\" data-copy-link-url=\"https:\/\/fssj.es\/es\/falsos-mitos-sobre-el-cancer\/\" nopopup=\"true\" href=\"#\" target=\"_blank\" data-count=\"link\"><span class=\"social_icon social_icon_link sc_icon_type_icons\" style=\"\"><span class=\"icon-link\"><\/span><i>Link<\/i><\/span><\/a><\/span><\/span><\/span><\/div><div class=\"sc_blogger_item_excerpt\">H \noy en d\u00eda circula mucha informaci\u00f3n, sobretodo en la red, sobre el cancer. Sin embargo, no todo el que se suele atribuir a esta enfermedad es exacto, a veces&hellip;<\/div><div class=\"sc_blogger_item_button sc_item_button\"><a href=\"https:\/\/fssj.es\/es\/falsos-mitos-sobre-el-cancer\/\" class=\"item_more_link\"><span class=\"link_text\">Seguir leyendo<\/span><span class=\"link_icon\"><\/span><\/a><\/div><\/div><!-- .entry-content --><\/div><!-- .sc_blogger_item_body --><\/div><!-- .sc_blogger_item --><\/div><\/div>\t\t\t\t<\/div>\n\t\t\t\t<\/div>\n\t\t\t\t\t<\/div>\n\t\t<\/div>\n\t\t\t\t\t<\/div>\n\t\t<\/section>\n\t\t\t\t<\/div>\n\t\t","protected":false},"excerpt":{"rendered":"<p>Consells de Salut Falsos mites sobre el c\u00e0ncer Published:febrer 4, 2022Updated:febrer 14, 2023413Views0Likes0CommentsByadminShareTwitter-newFacebookShare-emailLinkA vui dia circula molta informaci\u00f3, sobretot a la xarxa, sobre el c\u00e0ncer. No obstant aix\u00f2, no tot&hellip;<\/p>\n","protected":false},"author":1,"featured_media":0,"parent":0,"menu_order":0,"comment_status":"closed","ping_status":"closed","template":"","meta":{"footnotes":""},"class_list":["post-26034","page","type-page","status-publish","hentry"],"_links":{"self":[{"href":"https:\/\/fssj.es\/es\/wp-json\/wp\/v2\/pages\/26034","targetHints":{"allow":["GET"]}}],"collection":[{"href":"https:\/\/fssj.es\/es\/wp-json\/wp\/v2\/pages"}],"about":[{"href":"https:\/\/fssj.es\/es\/wp-json\/wp\/v2\/types\/page"}],"author":[{"embeddable":true,"href":"https:\/\/fssj.es\/es\/wp-json\/wp\/v2\/users\/1"}],"replies":[{"embeddable":true,"href":"https:\/\/fssj.es\/es\/wp-json\/wp\/v2\/comments?post=26034"}],"version-history":[{"count":0,"href":"https:\/\/fssj.es\/es\/wp-json\/wp\/v2\/pages\/26034\/revisions"}],"wp:attachment":[{"href":"https:\/\/fssj.es\/es\/wp-json\/wp\/v2\/media?parent=26034"}],"curies":[{"name":"wp","href":"https:\/\/api.w.org\/{rel}","templated":true}]}}